{"id":539,"date":"2026-02-12T14:40:23","date_gmt":"2026-02-12T11:40:23","guid":{"rendered":"https:\/\/mimaszeytinyagi.com\/?page_id=539"},"modified":"2026-02-12T14:40:24","modified_gmt":"2026-02-12T11:40:24","slug":"zeytin-agaci-budamasi-ve-permakultur","status":"publish","type":"page","link":"https:\/\/mimaszeytinyagi.com\/en\/zeytin-agaci-budamasi-ve-permakultur\/","title":{"rendered":"Zeytin A\u011fac\u0131 Budamas\u0131 ve Permak\u00fclt\u00fcr"},"content":{"rendered":"<p>Zeytin a\u011fa\u00e7lar\u0131n\u0131n budanmas\u0131 ile ilgili pek \u00e7ok kaynak var. Hepsinin temel noktas\u0131 ayn\u0131: zeytin a\u011fa\u00e7lar\u0131 budanmay\u0131 sever ve ister.  Kalabal\u0131k bir dal grubundan \u00e7\u0131kar\u0131lmas\u0131 gerekti\u011fini belli eden dal\u0131 g\u00f6r\u00fcp \u00e7\u0131kard\u0131\u011f\u0131n\u0131zda y\u00fcklerinden ar\u0131nm\u0131\u015f bir his sizde de uyand\u0131ysa, do\u011fru bir i\u015f yapm\u0131\u015fs\u0131n\u0131z demektir \ud83d\ude42<\/p>\n\n\n\n<p>Bug\u00fcn budama konusunu ba\u015fka bir g\u00fcne b\u0131rakarak  budama art\u0131klar\u0131n\u0131 ne yapt\u0131\u011f\u0131m\u0131za odaklan\u0131yoruz. Zeytin a\u011fa\u00e7lar\u0131m\u0131z bah\u00e7emizin 3. b\u00f6lgesinde (Zone 3). Ya\u015fam alan\u0131n\u0131 permak\u00fclt\u00fcr ilkelerine g\u00f6re tasarlarken i\u00e7inde bulunulan araziyi hayali b\u00f6lgeler halinde d\u00fc\u015f\u00fcn\u00fcyoruz. \u00d6rne\u011fin bah\u00e7ecilik \u00fczerine kurgulad\u0131\u011f\u0131n\u0131z bir ya\u015fam alan\u0131nda: Evin oldu\u011fu yer 0. b\u00f6lge (Zone 0). Eve yak\u0131n kurgulanan ve s\u0131kl\u0131kla ziyaret edilen yerler mesela yaz ve k\u0131\u015f sebze yataklar\u0131 1. b\u00f6lge (Zone 1), eve yak\u0131n bir meyve bah\u00e7esi 2. b\u00f6lge (Zone 2), meyve bah\u00e7esi kadar s\u0131k bak\u0131m gerektirmeyen bir zeytinlik 3. b\u00f6lge (Zone 3) olabilir.<\/p>\n\n\n\n<p>Bu sene 3. b\u00f6lgedeki zeytin a\u011fa\u00e7lar\u0131m\u0131z\u0131 budad\u0131ktan sonra, budanan dallar\u0131 a\u011fa\u00e7lar\u0131n alt\u0131na dairesel bir \u015fekilde uzun s\u00fcreli\u011fine b\u0131rakt\u0131k. <span style=\"text-decoration: underline;\">Dairesel<\/span>: \u00e7\u00fcnk\u00fc bu geometrik form peyzaja bir sakinlik katt\u0131. <span style=\"text-decoration: underline;\">A\u011fa\u00e7lar\u0131n alt\u0131na<\/span>: \u00e7\u00fcnk\u00fc yabani otlar\u0131 bask\u0131l\u0131yorlar; zaman i\u00e7inde dallar\u0131ndan ayr\u0131lan yapraklar mal\u00e7 olu\u015fturuyor ve zamanla topra\u011fa kar\u0131\u015f\u0131p organik i\u00e7eri\u011fe katk\u0131 sunuyor. Kendili\u011finden yapraklardan ayr\u0131lan dallardan b\u00fcy\u00fckleri zaman i\u00e7inde kuruyup yakacak odun formuna ge\u00e7iyor; kuruyan inceler \u00e7ip makinesinden ge\u00e7irilip mal\u00e7 olarak kullan\u0131lacak. <strong>Yani hi\u00e7 bir \u015fey yokolmuyor sadece form de\u011fi\u015ftiriyor<\/strong>. Ayn\u0131 bizler ve her\u015fey gibi \ud83d\ude42<\/p>\n\n\n\n<p>Bu uygulama ile tam bir permak\u00fclt\u00fcr uygulamas\u0131 yapt\u0131k ve permak\u00fclt\u00fcr\u00fcn a\u015fa\u011f\u0131daki temel prensiplerini uygulamaya ge\u00e7irmi\u015f olduk.<\/p>\n\n\n\n<ol class=\"wp-block-list\">\n<li><em>Eller cepte alanda dola\u015f\u0131p g\u00f6zlem yaparak veri toplamak<\/em>: Ge\u00e7en y\u0131l ellerimiz cebimizde bah\u00e7ede dola\u015farak yapt\u0131\u011f\u0131m\u0131z g\u00f6zlemler sonucu, budand\u0131ktan sonra a\u011fa\u00e7lar\u0131n alt\u0131nda unutulmu\u015f dallar\u0131n oldu\u011fu yerde fazla ot \u00e7\u0131kmad\u0131\u011f\u0131n\u0131 g\u00f6zlemlemi\u015ftik<\/li>\n\n\n\n<li><em>Alana eklenen her bir elementin veya yap\u0131lan her bir aktivitenin en az 3 farkl\u0131 amaca hizmet etmesi<\/em>: Budanan dallar\u0131 a\u011fa\u00e7lar\u0131n alt\u0131nda b\u0131rakmak 1) yabani otlar\u0131n bask\u0131lanmas\u0131, 2) yaprak ve dallar\u0131n kendili\u011finden ayr\u0131\u015fmas\u0131 , 3) yapraklar\u0131n zamanla topra\u011fa kar\u0131\u015fmas\u0131yla topraktaki organik i\u00e7erik art\u0131\u015f\u0131n\u0131n sa\u011flanmas\u0131. Bunlar\u0131n hepsi enerji tasarrufu.<\/li>\n<\/ol>\n\n\n\n<p>Permak\u00fclt\u00fcr\u00fcn temeli do\u011fadaki d\u00f6n\u00fc\u015f\u00fcmleri farketmek ve i\u00e7sellemek. Kendimiz de dahil olmak \u00fczere do\u011fadaki hi\u00e7bir\u015feyin yokolmad\u0131\u011f\u0131n\u0131, s\u00fcreklili\u011fin d\u00f6n\u00fc\u015f\u00fcmler \u00fczerinden devam etti\u011fini, sonsuzdan gelip sonsuza uzand\u0131\u011f\u0131n\u0131 farketmek. Do\u011fay\u0131, unuttu\u011fumuz bu i\u00e7  bilgimizin aynas\u0131 olarak g\u00f6rmek ve b\u00f6ylece i\u00e7 bilgiyi  onunla birlikte hat\u0131rlamak. Biz bu bilgiden yapmay\u0131z \ud83d\ude09<\/p>\n\n\n\n<figure class=\"wp-block-image\"><img loading=\"lazy\" decoding=\"async\" width=\"2560\" height=\"1235\" src=\"http:\/\/mimaszeytinyagi.com\/wp-content\/uploads\/2026\/02\/20260212_125146-scaled.jpg\" alt=\"\" class=\"wp-image-555\" srcset=\"https:\/\/mimaszeytinyagi.com\/wp-content\/uploads\/2026\/02\/20260212_125146-scaled.jpg 2560w, https:\/\/mimaszeytinyagi.com\/wp-content\/uploads\/2026\/02\/20260212_125146-300x145.jpg 300w, https:\/\/mimaszeytinyagi.com\/wp-content\/uploads\/2026\/02\/20260212_125146-1024x494.jpg 1024w, https:\/\/mimaszeytinyagi.com\/wp-content\/uploads\/2026\/02\/20260212_125146-768x370.jpg 768w, https:\/\/mimaszeytinyagi.com\/wp-content\/uploads\/2026\/02\/20260212_125146-1536x741.jpg 1536w, https:\/\/mimaszeytinyagi.com\/wp-content\/uploads\/2026\/02\/20260212_125146-2048x988.jpg 2048w, https:\/\/mimaszeytinyagi.com\/wp-content\/uploads\/2026\/02\/20260212_125146-18x9.jpg 18w, https:\/\/mimaszeytinyagi.com\/wp-content\/uploads\/2026\/02\/20260212_125146-624x301.jpg 624w\" sizes=\"auto, (max-width: 2560px) 100vw, 2560px\" \/><\/figure>","protected":false},"excerpt":{"rendered":"<p>Zeytin a\u011fa\u00e7lar\u0131n\u0131n budanmas\u0131 ile ilgili pek \u00e7ok kaynak var. Hepsinin temel noktas\u0131 ayn\u0131: zeytin a\u011fa\u00e7lar\u0131 budanmay\u0131 sever ve ister. Kalabal\u0131k bir dal grubundan \u00e7\u0131kar\u0131lmas\u0131 gerekti\u011fini belli eden dal\u0131 g\u00f6r\u00fcp \u00e7\u0131kard\u0131\u011f\u0131n\u0131zda y\u00fcklerinden ar\u0131nm\u0131\u015f bir his sizde de uyand\u0131ysa, do\u011fru bir i\u015f yapm\u0131\u015fs\u0131n\u0131z demektir \ud83d\ude42 Bug\u00fcn budama konusunu ba\u015fka bir g\u00fcne b\u0131rakarak budama art\u0131klar\u0131n\u0131 ne yapt\u0131\u011f\u0131m\u0131za odaklan\u0131yoruz. [&hellip;]<\/p>","protected":false},"author":2,"featured_media":0,"parent":0,"menu_order":0,"comment_status":"closed","ping_status":"closed","template":"","meta":{"footnotes":""},"class_list":["post-539","page","type-page","status-publish","hentry"],"yoast_head":"<!-- This site is optimized with the Yoast SEO plugin v18.4.1 - https:\/\/yoast.com\/wordpress\/plugins\/seo\/ -->\n<title>Zeytin A\u011fac\u0131 Budamas\u0131 ve Permak\u00fclt\u00fcr - Mimas Melanj Butik Bah\u00e7e<\/title>\n<meta name=\"robots\" content=\"index, follow, max-snippet:-1, max-image-preview:large, max-video-preview:-1\" \/>\n<link rel=\"canonical\" href=\"https:\/\/mimaszeytinyagi.com\/en\/zeytin-agaci-budamasi-ve-permakultur\/\" \/>\n<meta property=\"og:locale\" content=\"en_US\" \/>\n<meta property=\"og:type\" content=\"article\" \/>\n<meta property=\"og:title\" content=\"Zeytin A\u011fac\u0131 Budamas\u0131 ve Permak\u00fclt\u00fcr - Mimas Melanj Butik Bah\u00e7e\" \/>\n<meta property=\"og:description\" content=\"Zeytin a\u011fa\u00e7lar\u0131n\u0131n budanmas\u0131 ile ilgili pek \u00e7ok kaynak var. Hepsinin temel noktas\u0131 ayn\u0131: zeytin a\u011fa\u00e7lar\u0131 budanmay\u0131 sever ve ister. Kalabal\u0131k bir dal grubundan \u00e7\u0131kar\u0131lmas\u0131 gerekti\u011fini belli eden dal\u0131 g\u00f6r\u00fcp \u00e7\u0131kard\u0131\u011f\u0131n\u0131zda y\u00fcklerinden ar\u0131nm\u0131\u015f bir his sizde de uyand\u0131ysa, do\u011fru bir i\u015f yapm\u0131\u015fs\u0131n\u0131z demektir \ud83d\ude42 Bug\u00fcn budama konusunu ba\u015fka bir g\u00fcne b\u0131rakarak budama art\u0131klar\u0131n\u0131 ne yapt\u0131\u011f\u0131m\u0131za odaklan\u0131yoruz. [&hellip;]\" \/>\n<meta property=\"og:url\" content=\"https:\/\/mimaszeytinyagi.com\/en\/zeytin-agaci-budamasi-ve-permakultur\/\" \/>\n<meta property=\"og:site_name\" content=\"Mimas Melanj Butik Bah\u00e7e\" \/>\n<meta property=\"article:modified_time\" content=\"2026-02-12T11:40:24+00:00\" \/>\n<meta property=\"og:image\" content=\"http:\/\/mimaszeytinyagi.com\/wp-content\/uploads\/2026\/02\/20260212_125146-scaled.jpg\" \/>\n<meta name=\"twitter:card\" content=\"summary_large_image\" \/>\n<meta name=\"twitter:label1\" content=\"Est. reading time\" \/>\n\t<meta name=\"twitter:data1\" content=\"3 minutes\" \/>\n<script type=\"application\/ld+json\" class=\"yoast-schema-graph\">{\"@context\":\"https:\/\/schema.org\",\"@graph\":[{\"@type\":\"WebSite\",\"@id\":\"https:\/\/mimaszeytinyagi.com\/#website\",\"url\":\"https:\/\/mimaszeytinyagi.com\/\",\"name\":\"Mimas Melanj Butik Bah\u00e7e\",\"description\":\"Butik Zeytinya\u011f\u0131\",\"potentialAction\":[{\"@type\":\"SearchAction\",\"target\":{\"@type\":\"EntryPoint\",\"urlTemplate\":\"https:\/\/mimaszeytinyagi.com\/?s={search_term_string}\"},\"query-input\":\"required name=search_term_string\"}],\"inLanguage\":\"en-US\"},{\"@type\":\"ImageObject\",\"@id\":\"https:\/\/mimaszeytinyagi.com\/zeytin-agaci-budamasi-ve-permakultur\/#primaryimage\",\"inLanguage\":\"en-US\",\"url\":\"https:\/\/mimaszeytinyagi.com\/wp-content\/uploads\/2026\/02\/20260212_125146-scaled.jpg\",\"contentUrl\":\"https:\/\/mimaszeytinyagi.com\/wp-content\/uploads\/2026\/02\/20260212_125146-scaled.jpg\",\"width\":2560,\"height\":1235},{\"@type\":\"WebPage\",\"@id\":\"https:\/\/mimaszeytinyagi.com\/zeytin-agaci-budamasi-ve-permakultur\/#webpage\",\"url\":\"https:\/\/mimaszeytinyagi.com\/zeytin-agaci-budamasi-ve-permakultur\/\",\"name\":\"Zeytin A\u011fac\u0131 Budamas\u0131 ve Permak\u00fclt\u00fcr - Mimas Melanj Butik Bah\u00e7e\",\"isPartOf\":{\"@id\":\"https:\/\/mimaszeytinyagi.com\/#website\"},\"primaryImageOfPage\":{\"@id\":\"https:\/\/mimaszeytinyagi.com\/zeytin-agaci-budamasi-ve-permakultur\/#primaryimage\"},\"datePublished\":\"2026-02-12T11:40:23+00:00\",\"dateModified\":\"2026-02-12T11:40:24+00:00\",\"breadcrumb\":{\"@id\":\"https:\/\/mimaszeytinyagi.com\/zeytin-agaci-budamasi-ve-permakultur\/#breadcrumb\"},\"inLanguage\":\"en-US\",\"potentialAction\":[{\"@type\":\"ReadAction\",\"target\":[\"https:\/\/mimaszeytinyagi.com\/zeytin-agaci-budamasi-ve-permakultur\/\"]}]},{\"@type\":\"BreadcrumbList\",\"@id\":\"https:\/\/mimaszeytinyagi.com\/zeytin-agaci-budamasi-ve-permakultur\/#breadcrumb\",\"itemListElement\":[{\"@type\":\"ListItem\",\"position\":1,\"name\":\"Home\",\"item\":\"https:\/\/mimaszeytinyagi.com\/\"},{\"@type\":\"ListItem\",\"position\":2,\"name\":\"Zeytin A\u011fac\u0131 Budamas\u0131 ve Permak\u00fclt\u00fcr\"}]}]}<\/script>\n<!-- \/ Yoast SEO plugin. -->","yoast_head_json":{"title":"Zeytin A\u011fac\u0131 Budamas\u0131 ve Permak\u00fclt\u00fcr - Mimas Melanj Butik Bah\u00e7e","robots":{"index":"index","follow":"follow","max-snippet":"max-snippet:-1","max-image-preview":"max-image-preview:large","max-video-preview":"max-video-preview:-1"},"canonical":"https:\/\/mimaszeytinyagi.com\/en\/zeytin-agaci-budamasi-ve-permakultur\/","og_locale":"en_US","og_type":"article","og_title":"Zeytin A\u011fac\u0131 Budamas\u0131 ve Permak\u00fclt\u00fcr - Mimas Melanj Butik Bah\u00e7e","og_description":"Zeytin a\u011fa\u00e7lar\u0131n\u0131n budanmas\u0131 ile ilgili pek \u00e7ok kaynak var. Hepsinin temel noktas\u0131 ayn\u0131: zeytin a\u011fa\u00e7lar\u0131 budanmay\u0131 sever ve ister. Kalabal\u0131k bir dal grubundan \u00e7\u0131kar\u0131lmas\u0131 gerekti\u011fini belli eden dal\u0131 g\u00f6r\u00fcp \u00e7\u0131kard\u0131\u011f\u0131n\u0131zda y\u00fcklerinden ar\u0131nm\u0131\u015f bir his sizde de uyand\u0131ysa, do\u011fru bir i\u015f yapm\u0131\u015fs\u0131n\u0131z demektir \ud83d\ude42 Bug\u00fcn budama konusunu ba\u015fka bir g\u00fcne b\u0131rakarak budama art\u0131klar\u0131n\u0131 ne yapt\u0131\u011f\u0131m\u0131za odaklan\u0131yoruz. [&hellip;]","og_url":"https:\/\/mimaszeytinyagi.com\/en\/zeytin-agaci-budamasi-ve-permakultur\/","og_site_name":"Mimas Melanj Butik Bah\u00e7e","article_modified_time":"2026-02-12T11:40:24+00:00","og_image":[{"url":"http:\/\/mimaszeytinyagi.com\/wp-content\/uploads\/2026\/02\/20260212_125146-scaled.jpg"}],"twitter_card":"summary_large_image","twitter_misc":{"Est. reading time":"3 minutes"},"schema":{"@context":"https:\/\/schema.org","@graph":[{"@type":"WebSite","@id":"https:\/\/mimaszeytinyagi.com\/#website","url":"https:\/\/mimaszeytinyagi.com\/","name":"Mimas Melanj Butik Bah\u00e7e","description":"Butik Zeytinya\u011f\u0131","potentialAction":[{"@type":"SearchAction","target":{"@type":"EntryPoint","urlTemplate":"https:\/\/mimaszeytinyagi.com\/?s={search_term_string}"},"query-input":"required name=search_term_string"}],"inLanguage":"en-US"},{"@type":"ImageObject","@id":"https:\/\/mimaszeytinyagi.com\/zeytin-agaci-budamasi-ve-permakultur\/#primaryimage","inLanguage":"en-US","url":"https:\/\/mimaszeytinyagi.com\/wp-content\/uploads\/2026\/02\/20260212_125146-scaled.jpg","contentUrl":"https:\/\/mimaszeytinyagi.com\/wp-content\/uploads\/2026\/02\/20260212_125146-scaled.jpg","width":2560,"height":1235},{"@type":"WebPage","@id":"https:\/\/mimaszeytinyagi.com\/zeytin-agaci-budamasi-ve-permakultur\/#webpage","url":"https:\/\/mimaszeytinyagi.com\/zeytin-agaci-budamasi-ve-permakultur\/","name":"Zeytin A\u011fac\u0131 Budamas\u0131 ve Permak\u00fclt\u00fcr - Mimas Melanj Butik Bah\u00e7e","isPartOf":{"@id":"https:\/\/mimaszeytinyagi.com\/#website"},"primaryImageOfPage":{"@id":"https:\/\/mimaszeytinyagi.com\/zeytin-agaci-budamasi-ve-permakultur\/#primaryimage"},"datePublished":"2026-02-12T11:40:23+00:00","dateModified":"2026-02-12T11:40:24+00:00","breadcrumb":{"@id":"https:\/\/mimaszeytinyagi.com\/zeytin-agaci-budamasi-ve-permakultur\/#breadcrumb"},"inLanguage":"en-US","potentialAction":[{"@type":"ReadAction","target":["https:\/\/mimaszeytinyagi.com\/zeytin-agaci-budamasi-ve-permakultur\/"]}]},{"@type":"BreadcrumbList","@id":"https:\/\/mimaszeytinyagi.com\/zeytin-agaci-budamasi-ve-permakultur\/#breadcrumb","itemListElement":[{"@type":"ListItem","position":1,"name":"Home","item":"https:\/\/mimaszeytinyagi.com\/"},{"@type":"ListItem","position":2,"name":"Zeytin A\u011fac\u0131 Budamas\u0131 ve Permak\u00fclt\u00fcr"}]}]}},"_links":{"self":[{"href":"https:\/\/mimaszeytinyagi.com\/en\/wp-json\/wp\/v2\/pages\/539","targetHints":{"allow":["GET"]}}],"collection":[{"href":"https:\/\/mimaszeytinyagi.com\/en\/wp-json\/wp\/v2\/pages"}],"about":[{"href":"https:\/\/mimaszeytinyagi.com\/en\/wp-json\/wp\/v2\/types\/page"}],"author":[{"embeddable":true,"href":"https:\/\/mimaszeytinyagi.com\/en\/wp-json\/wp\/v2\/users\/2"}],"replies":[{"embeddable":true,"href":"https:\/\/mimaszeytinyagi.com\/en\/wp-json\/wp\/v2\/comments?post=539"}],"version-history":[{"count":16,"href":"https:\/\/mimaszeytinyagi.com\/en\/wp-json\/wp\/v2\/pages\/539\/revisions"}],"predecessor-version":[{"id":556,"href":"https:\/\/mimaszeytinyagi.com\/en\/wp-json\/wp\/v2\/pages\/539\/revisions\/556"}],"wp:attachment":[{"href":"https:\/\/mimaszeytinyagi.com\/en\/wp-json\/wp\/v2\/media?parent=539"}],"curies":[{"name":"wp","href":"https:\/\/api.w.org\/{rel}","templated":true}]}}