{"id":450,"date":"2026-01-24T23:13:34","date_gmt":"2026-01-24T20:13:34","guid":{"rendered":"https:\/\/mimaszeytinyagi.com\/?page_id=450"},"modified":"2026-01-24T23:19:13","modified_gmt":"2026-01-24T20:19:13","slug":"zeytinyagi-ve-ambalaji","status":"publish","type":"page","link":"https:\/\/mimaszeytinyagi.com\/en\/zeytinyagi-ve-ambalaji\/","title":{"rendered":"Zeytinya\u011f\u0131 ve Ambalaj\u0131"},"content":{"rendered":"<figure class=\"wp-block-image\"><img loading=\"lazy\" decoding=\"async\" width=\"1600\" height=\"1064\" src=\"https:\/\/mimaszeytinyagi.com\/wp-content\/uploads\/2026\/01\/IMG_0437.jpg\" alt=\"\" class=\"wp-image-452\" srcset=\"https:\/\/mimaszeytinyagi.com\/wp-content\/uploads\/2026\/01\/IMG_0437.jpg 1600w, https:\/\/mimaszeytinyagi.com\/wp-content\/uploads\/2026\/01\/IMG_0437-300x200.jpg 300w, https:\/\/mimaszeytinyagi.com\/wp-content\/uploads\/2026\/01\/IMG_0437-1024x681.jpg 1024w, https:\/\/mimaszeytinyagi.com\/wp-content\/uploads\/2026\/01\/IMG_0437-768x511.jpg 768w, https:\/\/mimaszeytinyagi.com\/wp-content\/uploads\/2026\/01\/IMG_0437-1536x1021.jpg 1536w, https:\/\/mimaszeytinyagi.com\/wp-content\/uploads\/2026\/01\/IMG_0437-18x12.jpg 18w, https:\/\/mimaszeytinyagi.com\/wp-content\/uploads\/2026\/01\/IMG_0437-624x415.jpg 624w\" sizes=\"auto, (max-width: 1600px) 100vw, 1600px\" \/><\/figure>\n\n\n\n<p>Bu blogda oda\u011f\u0131m\u0131z birinci kalite zeytinya\u011f\u0131, yani kastetti\u011fimiz erken hasat edilen zeytinin so\u011fuk s\u0131k\u0131m yap\u0131larak elde edilen ve kusursuz olan ya\u011f\u0131. Zeytinya\u011f\u0131 \u00f6zelinde, buradaki \u00fc\u00e7 anahtar kelime &#8220;erken hasat&#8221;, &#8220;so\u011fuk s\u0131k\u0131m&#8221;, &#8220;kusursuz ya\u011f&#8221;.<\/p>\n\n\n\n<p>Bu 3 anahtar kelimenin her birisi \u00e7ok detayl\u0131 konular ve her birisi i\u00e7in ayr\u0131 ayr\u0131 blog yaz\u0131lar\u0131 olacak \ud83d\ude42  Ancak \u015fimdilik h\u0131zl\u0131ca bir fikir vermesi ad\u0131na:<\/p>\n\n\n\n<p class=\"has-dark-gray-color has-text-color has-link-color wp-elements-7222439931c0e47e55fdbc9e0a157de0\"><span style=\"text-decoration: underline;\">Erken hasat<\/span>: Hasat ne zaman yap\u0131lmal\u0131? Zeytinlerin renkleri hemen hemen yar\u0131 yar\u0131ya ye\u015fil ve eflatun iken (y\u00fcksek polifenol miktar\u0131 ve d\u00fc\u015f\u00fck asit ile ilgili).<\/p>\n\n\n\n<p><span style=\"text-decoration: underline;\">So\u011fuk s\u0131k\u0131m<\/span>: Zeytinin malaks\u00f6rde par\u00e7alanmas\u0131\/ezilmesi yani ya\u011f\u0131n\u0131n s\u0131k\u0131lmas\u0131 esnas\u0131nda kullan\u0131lan suyun s\u0131cakl\u0131\u011f\u0131n\u0131n 27 santigrat derecenin \u00fczerinde olmamas\u0131 (do\u011fal \u00f6zelliklerinin korunmas\u0131 ile ilgili).<\/p>\n\n\n\n<p><span style=\"text-decoration: underline;\">Kusursuz ya\u011f<\/span>: Zeytinin do\u011fru ve hijyenik ko\u015fullarda toplanmas\u0131 ve ya\u011f\u0131n\u0131n do\u011fru ve hijyenik ko\u015fullarda s\u0131k\u0131lmas\u0131 ve saklanmas\u0131 sonucu kusursuz olmas\u0131. (Do\u011frunun, hijyenli\u011fin, kusurlar\u0131n tan\u0131m\u0131 Uluslararas\u0131 Zeytin Konseyi taraf\u0131ndan a\u00e7\u0131k ve net tan\u0131ml\u0131d\u0131r).<\/p>\n\n\n\n<p>Bu anahtar kelimeler, ilgili anahtar s\u00fcre\u00e7leri, ger\u00e7ekle\u015fti\u011fi ilgili mekanlar ve birinci derecede sorumluluk sahibi olanlar a\u015fa\u011f\u0131da \u00f6zet bir tablo halinde \u00e7ok pratik bir \u015fekilde kendi tecr\u00fcbemize g\u00f6re verilmi\u015ftir \ud83d\ude42<\/p>\n\n\n\n<figure class=\"wp-block-table\"><table class=\"has-text-color has-link-color has-fixed-layout\" style=\"color:#779c21\"><tbody><tr><td><strong>Anahtar Kelime<\/strong><\/td><td><strong>Anahtar S\u00fcre\u00e7<\/strong><\/td><td><strong>\u0130lgili Mekan<\/strong><\/td><td><strong>Sorumluluk<\/strong><\/td><\/tr><tr><td>Erken Hasat<\/td><td>Hasat<\/td><td>Zeytin Bah\u00e7esi<\/td><td>Zeytin bah\u00e7esi sahibi<\/td><\/tr><tr><td>So\u011fuk S\u0131k\u0131m<\/td><td>Ya\u011f\u0131n\u0131n s\u0131k\u0131lmas\u0131<\/td><td>S\u0131k\u0131m Tesisi<\/td><td>S\u0131k\u0131m tesisi i\u015fletmecisi<\/td><\/tr><tr><td>Kusursuz Ya\u011f<\/td><td>Hasat-S\u0131k\u0131m-<em>Ambalajlama<\/em>-Saklama<\/td><td>Zeytin Bah\u00e7esi-S\u0131k\u0131m Tesisi-Sat\u0131\u015f Raf\u0131-T\u00fcketicinin Mutfa\u011f\u0131<\/td><td>Zeytin bah\u00e7esi sahibi, S\u0131k\u0131m tesisi i\u015fletmecisi, Sat\u0131\u015f sorumlusu, T\u00fcketici<\/td><\/tr><\/tbody><\/table><\/figure>\n\n\n\n<p>Bu tablonun her bir h\u00fccresi ayr\u0131 bir blog yaz\u0131s\u0131 ancak \u015fu andaki blogun amac\u0131, ba\u015fl\u0131\u011f\u0131n da i\u015faret etti\u011fi gibi, <span style=\"text-decoration: underline;\">Ambalaj <\/span>k\u0131sm\u0131na odaklanmak. Piyasadaki ambalajlar:<\/p>\n\n\n\n<p>1. Koyu ye\u015fil cam \u015fi\u015fe, <\/p>\n\n\n\n<p>2. Renksiz cam \u015fi\u015fe,<\/p>\n\n\n\n<p>3. Teneke, <\/p>\n\n\n\n<p>4. Plastik \u015fi\u015fe. <\/p>\n\n\n\n<p><em>Bir de tabii \u015fu me\u015fhur pet \u015fi\u015fe versiyonu var: ya\u011flar\u0131n 2,5 litrelik Coca-Cola petlerine ya da 5 litrelik su petlerine doldurulmas\u0131, tabii bu t\u00fcrleri burada ciddi ciddi tart\u0131\u015f\u0131yor olmam\u0131z i\u00e7in ya zeytinya\u011f\u0131ndan hi\u00e7 anlam\u0131yor olmam\u0131z ya da zeytinya\u011f\u0131na kar\u015f\u0131 derin bir husumet besliyor olmam\u0131z gerekir \ud83d\ude42<\/em><\/p>\n\n\n\n<p>Bu ba\u011flamda \u015fu <span style=\"text-decoration: underline;\">2 temel<\/span> soruyu sorduk:<\/p>\n\n\n\n<ol class=\"wp-block-list\">\n<li class=\"has-text-color has-link-color wp-elements-8617346ee440380aa39f261f96fe99c0\" style=\"color:#219c4c\"><strong>Cam \u015fi\u015fe, teneke, ve plastik \u015fi\u015fe aras\u0131nda zeytinya\u011f\u0131 kalitesine etkileri a\u00e7\u0131s\u0131ndan fark var m\u0131?<\/strong><\/li>\n\n\n\n<li class=\"has-text-color has-link-color wp-elements-1c8b2b09303d96a35079bafbe423e779\" style=\"color:#219c4c\"><strong>Varsa neler var?<\/strong><\/li>\n<\/ol>\n\n\n\n<p>Biz bu t\u00fcr konularda kulaktan dolma bilgilerle yetinmeyi pek (hi\u00e7 :)) sevmiyoruz. O y\u00fczden her zamanki gibi rotam\u0131z\u0131 <strong>bilimsel \u00e7al\u0131\u015fmalar\u0131n yay\u0131mland\u0131\u011f\u0131 hakemli dergilere<\/strong> \u00e7evirdik. Bu \u00e7al\u0131\u015fmalara ula\u015fmak i\u00e7in kulland\u0131\u011f\u0131m\u0131z kaynak da yine klasik: <strong>Google Akademik<\/strong>. \u00dcstelik tamamen \u00fccretsiz ve isteyen herkesin eri\u015fimine a\u00e7\u0131k \ud83d\ude42<\/p>\n\n\n\n<p>Elbette her \u00e7al\u0131\u015fmay\u0131 oldu\u011fu gibi kabul etmiyoruz \u2014 sonu\u00e7ta istatistikle ha\u015f\u0131r ne\u015fir oldu\u011fumuz i\u00e7in, <strong>g\u00fcvenilir ve y\u00f6ntemsel olarak sa\u011flam \u00e7al\u0131\u015fmalar\u0131 ay\u0131klama konusunda biraz mesleki (de)formasyonumuz var<\/strong> \ud83d\ude42 Bunun \u00f6tesinde birbirini destekleyen pek \u00e7ok \u00e7al\u0131\u015fmaya ula\u015ft\u0131k. A\u015fa\u011f\u0131da bunlardan bir \u00f6rnek ve sonu\u00e7lar. Sonu\u00e7lar genellenebilir.<\/p>\n\n\n\n<p><a href=\"https:\/\/link.springer.com\/article\/10.1007\/s13197-014-1273-2#Sec14\" data-type=\"link\" data-id=\"https:\/\/link.springer.com\/article\/10.1007\/s13197-014-1273-2#Sec14\">2015 Tunus \u00e7al\u0131\u015fmas\u0131<\/a>: Kontroll\u00fc deney yapm\u0131\u015flar. Yani zeytin \u00e7e\u015fidini, saklama ortam\u0131n\u0131n \u0131\u015f\u0131k ve \u0131s\u0131s\u0131n\u0131 sabitlemi\u015fler. Ya\u011f\u0131 farkl\u0131 t\u00fcrden ambalajlara payla\u015ft\u0131rm\u0131\u015flar.  6 ay boyunca veri elde etmi\u015fler: 25-50-75-180. g\u00fcnlerde a\u015fa\u011f\u0131daki parametreleri \u00f6l\u00e7m\u00fc\u015fler:<\/p>\n\n\n\n<ul class=\"wp-block-list\">\n<li><span style=\"text-decoration: underline;\">PARAMETRELER<\/span>\n<ul class=\"wp-block-list\">\n<li>PD: Peroksit De\u011feri (Fazlas\u0131 oksidasyon g\u00f6stergesi),<\/li>\n\n\n\n<li>TA: Toplam antioksidan,<\/li>\n\n\n\n<li>TF: Toplam fenol,<\/li>\n\n\n\n<li>R: Ransitle\u015fme (ac\u0131ma\/bozulma) s\u00fcresi,<\/li>\n\n\n\n<li>D\u00d6: Duyusal \u00f6zellikler: Meyvemsi aroma, ac\u0131l\u0131k, yak\u0131c\u0131l\u0131k.<\/li>\n<\/ul>\n<\/li>\n\n\n\n<li><span style=\"text-decoration: underline;\">SONU\u00c7LAR<\/span>\n<ul class=\"wp-block-list\">\n<li>PD: En fazla PD art\u0131\u015f\u0131 plastik \u015fi\u015fede (daha h\u0131zl\u0131 oksidasyon), en az\u0131 koyu ye\u015fil \u015fi\u015fede oldu (oksidasyona dayan\u0131kl\u0131).<\/li>\n\n\n\n<li>TA: Toplam antioksidan plastik \u015fi\u015fede \u00f6nemli \u00f6l\u00e7\u00fcde azald\u0131.<\/li>\n\n\n\n<li>TF: Toplam fenol, renksiz cam \u015fi\u015fede ve plastik \u015fi\u015fede h\u0131zla azalmaya ba\u015flad\u0131 ve 6 ay&#8217;\u0131n sonunda di\u011ferlerine k\u0131yasla en d\u00fc\u015f\u00fck d\u00fczeye ula\u015ft\u0131.<\/li>\n\n\n\n<li>R: Ac\u0131ma sadece renksiz cam \u015fi\u015fede ve plastik \u015fi\u015fede meydana geldi. <\/li>\n\n\n\n<li>D\u00d6: Meyvemsi aromada 75. g\u00fcn sonunda hafif bir azalma oldu. Bu azalma a\u00e7\u0131s\u0131ndan cam ve teneke aras\u0131nda \u00f6nemli bir fark yok. Pet \u015fi\u015fedeki azalma di\u011fer ikisine k\u0131yasla \u00e7ok daha fazla.  Ac\u0131l\u0131k ve yak\u0131c\u0131l\u0131k a\u00e7\u0131s\u0131ndan en fazla azalma  plastik \u015fi\u015fede oldu (toplam fenol\u00fcn azalmas\u0131 ile ilgili).<\/li>\n<\/ul>\n<\/li>\n<\/ul>\n\n\n\n<p>Kazanan: Koyu ye\u015fil cam \u015fi\u015fe ve Teneke. <\/p>\n\n\n\n<p class=\"has-background\" style=\"background-color:#889c217a\">Zeytinya\u011f\u0131, yaln\u0131zca bir \u00fcr\u00fcn de\u011fil; topra\u011fa, zamana ve eme\u011fe duyulan sayg\u0131n\u0131n \u015fi\u015felenmi\u015f h\u00e2lidir. Ambalaj da bunun \u00f6nemli bir par\u00e7as\u0131d\u0131r. Ambalaj\u0131n ne oldu\u011fu bu meyveye ve ya\u011f\u0131na g\u00f6sterdi\u011fimiz sayg\u0131y\u0131 yans\u0131t\u0131r. Bu da ancak fark\u0131ndal\u0131kla anla\u015f\u0131l\u0131r.<\/p>\n\n\n\n<p><\/p>","protected":false},"excerpt":{"rendered":"<p>Bu blogda oda\u011f\u0131m\u0131z birinci kalite zeytinya\u011f\u0131, yani kastetti\u011fimiz erken hasat edilen zeytinin so\u011fuk s\u0131k\u0131m yap\u0131larak elde edilen ve kusursuz olan ya\u011f\u0131. Zeytinya\u011f\u0131 \u00f6zelinde, buradaki \u00fc\u00e7 anahtar kelime &#8220;erken hasat&#8221;, &#8220;so\u011fuk s\u0131k\u0131m&#8221;, &#8220;kusursuz ya\u011f&#8221;. Bu 3 anahtar kelimenin her birisi \u00e7ok detayl\u0131 konular ve her birisi i\u00e7in ayr\u0131 ayr\u0131 blog yaz\u0131lar\u0131 olacak \ud83d\ude42 Ancak \u015fimdilik h\u0131zl\u0131ca [&hellip;]<\/p>","protected":false},"author":2,"featured_media":0,"parent":0,"menu_order":0,"comment_status":"closed","ping_status":"closed","template":"","meta":{"footnotes":""},"class_list":["post-450","page","type-page","status-publish","hentry"],"yoast_head":"<!-- This site is optimized with the Yoast SEO plugin v18.4.1 - https:\/\/yoast.com\/wordpress\/plugins\/seo\/ -->\n<title>Zeytinya\u011f\u0131 ve Ambalaj\u0131 - Mimas Melanj Butik Bah\u00e7e<\/title>\n<meta name=\"robots\" content=\"index, follow, max-snippet:-1, max-image-preview:large, max-video-preview:-1\" \/>\n<link rel=\"canonical\" href=\"https:\/\/mimaszeytinyagi.com\/en\/zeytinyagi-ve-ambalaji\/\" \/>\n<meta property=\"og:locale\" content=\"en_US\" \/>\n<meta property=\"og:type\" content=\"article\" \/>\n<meta property=\"og:title\" content=\"Zeytinya\u011f\u0131 ve Ambalaj\u0131 - Mimas Melanj Butik Bah\u00e7e\" \/>\n<meta property=\"og:description\" content=\"Bu blogda oda\u011f\u0131m\u0131z birinci kalite zeytinya\u011f\u0131, yani kastetti\u011fimiz erken hasat edilen zeytinin so\u011fuk s\u0131k\u0131m yap\u0131larak elde edilen ve kusursuz olan ya\u011f\u0131. Zeytinya\u011f\u0131 \u00f6zelinde, buradaki \u00fc\u00e7 anahtar kelime &#8220;erken hasat&#8221;, &#8220;so\u011fuk s\u0131k\u0131m&#8221;, &#8220;kusursuz ya\u011f&#8221;. Bu 3 anahtar kelimenin her birisi \u00e7ok detayl\u0131 konular ve her birisi i\u00e7in ayr\u0131 ayr\u0131 blog yaz\u0131lar\u0131 olacak \ud83d\ude42 Ancak \u015fimdilik h\u0131zl\u0131ca [&hellip;]\" \/>\n<meta property=\"og:url\" content=\"https:\/\/mimaszeytinyagi.com\/en\/zeytinyagi-ve-ambalaji\/\" \/>\n<meta property=\"og:site_name\" content=\"Mimas Melanj Butik Bah\u00e7e\" \/>\n<meta property=\"article:modified_time\" content=\"2026-01-24T20:19:13+00:00\" \/>\n<meta property=\"og:image\" content=\"https:\/\/mimaszeytinyagi.com\/wp-content\/uploads\/2026\/01\/IMG_0437.jpg\" \/>\n<meta name=\"twitter:card\" content=\"summary_large_image\" \/>\n<meta name=\"twitter:label1\" content=\"Est. reading time\" \/>\n\t<meta name=\"twitter:data1\" content=\"4 minutes\" \/>\n<script type=\"application\/ld+json\" class=\"yoast-schema-graph\">{\"@context\":\"https:\/\/schema.org\",\"@graph\":[{\"@type\":\"WebSite\",\"@id\":\"https:\/\/mimaszeytinyagi.com\/#website\",\"url\":\"https:\/\/mimaszeytinyagi.com\/\",\"name\":\"Mimas Melanj Butik Bah\u00e7e\",\"description\":\"Butik Zeytinya\u011f\u0131\",\"potentialAction\":[{\"@type\":\"SearchAction\",\"target\":{\"@type\":\"EntryPoint\",\"urlTemplate\":\"https:\/\/mimaszeytinyagi.com\/?s={search_term_string}\"},\"query-input\":\"required name=search_term_string\"}],\"inLanguage\":\"en-US\"},{\"@type\":\"ImageObject\",\"@id\":\"https:\/\/mimaszeytinyagi.com\/zeytinyagi-ve-ambalaji\/#primaryimage\",\"inLanguage\":\"en-US\",\"url\":\"https:\/\/mimaszeytinyagi.com\/wp-content\/uploads\/2026\/01\/IMG_0437.jpg\",\"contentUrl\":\"https:\/\/mimaszeytinyagi.com\/wp-content\/uploads\/2026\/01\/IMG_0437.jpg\"},{\"@type\":\"WebPage\",\"@id\":\"https:\/\/mimaszeytinyagi.com\/zeytinyagi-ve-ambalaji\/#webpage\",\"url\":\"https:\/\/mimaszeytinyagi.com\/zeytinyagi-ve-ambalaji\/\",\"name\":\"Zeytinya\u011f\u0131 ve Ambalaj\u0131 - Mimas Melanj Butik Bah\u00e7e\",\"isPartOf\":{\"@id\":\"https:\/\/mimaszeytinyagi.com\/#website\"},\"primaryImageOfPage\":{\"@id\":\"https:\/\/mimaszeytinyagi.com\/zeytinyagi-ve-ambalaji\/#primaryimage\"},\"datePublished\":\"2026-01-24T20:13:34+00:00\",\"dateModified\":\"2026-01-24T20:19:13+00:00\",\"breadcrumb\":{\"@id\":\"https:\/\/mimaszeytinyagi.com\/zeytinyagi-ve-ambalaji\/#breadcrumb\"},\"inLanguage\":\"en-US\",\"potentialAction\":[{\"@type\":\"ReadAction\",\"target\":[\"https:\/\/mimaszeytinyagi.com\/zeytinyagi-ve-ambalaji\/\"]}]},{\"@type\":\"BreadcrumbList\",\"@id\":\"https:\/\/mimaszeytinyagi.com\/zeytinyagi-ve-ambalaji\/#breadcrumb\",\"itemListElement\":[{\"@type\":\"ListItem\",\"position\":1,\"name\":\"Home\",\"item\":\"https:\/\/mimaszeytinyagi.com\/\"},{\"@type\":\"ListItem\",\"position\":2,\"name\":\"Zeytinya\u011f\u0131 ve Ambalaj\u0131\"}]}]}<\/script>\n<!-- \/ Yoast SEO plugin. -->","yoast_head_json":{"title":"Zeytinya\u011f\u0131 ve Ambalaj\u0131 - Mimas Melanj Butik Bah\u00e7e","robots":{"index":"index","follow":"follow","max-snippet":"max-snippet:-1","max-image-preview":"max-image-preview:large","max-video-preview":"max-video-preview:-1"},"canonical":"https:\/\/mimaszeytinyagi.com\/en\/zeytinyagi-ve-ambalaji\/","og_locale":"en_US","og_type":"article","og_title":"Zeytinya\u011f\u0131 ve Ambalaj\u0131 - Mimas Melanj Butik Bah\u00e7e","og_description":"Bu blogda oda\u011f\u0131m\u0131z birinci kalite zeytinya\u011f\u0131, yani kastetti\u011fimiz erken hasat edilen zeytinin so\u011fuk s\u0131k\u0131m yap\u0131larak elde edilen ve kusursuz olan ya\u011f\u0131. Zeytinya\u011f\u0131 \u00f6zelinde, buradaki \u00fc\u00e7 anahtar kelime &#8220;erken hasat&#8221;, &#8220;so\u011fuk s\u0131k\u0131m&#8221;, &#8220;kusursuz ya\u011f&#8221;. Bu 3 anahtar kelimenin her birisi \u00e7ok detayl\u0131 konular ve her birisi i\u00e7in ayr\u0131 ayr\u0131 blog yaz\u0131lar\u0131 olacak \ud83d\ude42 Ancak \u015fimdilik h\u0131zl\u0131ca [&hellip;]","og_url":"https:\/\/mimaszeytinyagi.com\/en\/zeytinyagi-ve-ambalaji\/","og_site_name":"Mimas Melanj Butik Bah\u00e7e","article_modified_time":"2026-01-24T20:19:13+00:00","og_image":[{"url":"https:\/\/mimaszeytinyagi.com\/wp-content\/uploads\/2026\/01\/IMG_0437.jpg"}],"twitter_card":"summary_large_image","twitter_misc":{"Est. reading time":"4 minutes"},"schema":{"@context":"https:\/\/schema.org","@graph":[{"@type":"WebSite","@id":"https:\/\/mimaszeytinyagi.com\/#website","url":"https:\/\/mimaszeytinyagi.com\/","name":"Mimas Melanj Butik Bah\u00e7e","description":"Butik Zeytinya\u011f\u0131","potentialAction":[{"@type":"SearchAction","target":{"@type":"EntryPoint","urlTemplate":"https:\/\/mimaszeytinyagi.com\/?s={search_term_string}"},"query-input":"required name=search_term_string"}],"inLanguage":"en-US"},{"@type":"ImageObject","@id":"https:\/\/mimaszeytinyagi.com\/zeytinyagi-ve-ambalaji\/#primaryimage","inLanguage":"en-US","url":"https:\/\/mimaszeytinyagi.com\/wp-content\/uploads\/2026\/01\/IMG_0437.jpg","contentUrl":"https:\/\/mimaszeytinyagi.com\/wp-content\/uploads\/2026\/01\/IMG_0437.jpg"},{"@type":"WebPage","@id":"https:\/\/mimaszeytinyagi.com\/zeytinyagi-ve-ambalaji\/#webpage","url":"https:\/\/mimaszeytinyagi.com\/zeytinyagi-ve-ambalaji\/","name":"Zeytinya\u011f\u0131 ve Ambalaj\u0131 - Mimas Melanj Butik Bah\u00e7e","isPartOf":{"@id":"https:\/\/mimaszeytinyagi.com\/#website"},"primaryImageOfPage":{"@id":"https:\/\/mimaszeytinyagi.com\/zeytinyagi-ve-ambalaji\/#primaryimage"},"datePublished":"2026-01-24T20:13:34+00:00","dateModified":"2026-01-24T20:19:13+00:00","breadcrumb":{"@id":"https:\/\/mimaszeytinyagi.com\/zeytinyagi-ve-ambalaji\/#breadcrumb"},"inLanguage":"en-US","potentialAction":[{"@type":"ReadAction","target":["https:\/\/mimaszeytinyagi.com\/zeytinyagi-ve-ambalaji\/"]}]},{"@type":"BreadcrumbList","@id":"https:\/\/mimaszeytinyagi.com\/zeytinyagi-ve-ambalaji\/#breadcrumb","itemListElement":[{"@type":"ListItem","position":1,"name":"Home","item":"https:\/\/mimaszeytinyagi.com\/"},{"@type":"ListItem","position":2,"name":"Zeytinya\u011f\u0131 ve Ambalaj\u0131"}]}]}},"_links":{"self":[{"href":"https:\/\/mimaszeytinyagi.com\/en\/wp-json\/wp\/v2\/pages\/450","targetHints":{"allow":["GET"]}}],"collection":[{"href":"https:\/\/mimaszeytinyagi.com\/en\/wp-json\/wp\/v2\/pages"}],"about":[{"href":"https:\/\/mimaszeytinyagi.com\/en\/wp-json\/wp\/v2\/types\/page"}],"author":[{"embeddable":true,"href":"https:\/\/mimaszeytinyagi.com\/en\/wp-json\/wp\/v2\/users\/2"}],"replies":[{"embeddable":true,"href":"https:\/\/mimaszeytinyagi.com\/en\/wp-json\/wp\/v2\/comments?post=450"}],"version-history":[{"count":36,"href":"https:\/\/mimaszeytinyagi.com\/en\/wp-json\/wp\/v2\/pages\/450\/revisions"}],"predecessor-version":[{"id":490,"href":"https:\/\/mimaszeytinyagi.com\/en\/wp-json\/wp\/v2\/pages\/450\/revisions\/490"}],"wp:attachment":[{"href":"https:\/\/mimaszeytinyagi.com\/en\/wp-json\/wp\/v2\/media?parent=450"}],"curies":[{"name":"wp","href":"https:\/\/api.w.org\/{rel}","templated":true}]}}