{"id":406,"date":"2026-01-20T20:28:26","date_gmt":"2026-01-20T17:28:26","guid":{"rendered":"https:\/\/mimaszeytinyagi.com\/?page_id=406"},"modified":"2026-01-22T20:41:37","modified_gmt":"2026-01-22T17:41:37","slug":"zeytinlik-ve-orkestra","status":"publish","type":"page","link":"https:\/\/mimaszeytinyagi.com\/en\/zeytinlik-ve-orkestra\/","title":{"rendered":"Zeytinlik ve Orkestra"},"content":{"rendered":"<p>Bu sene de yeni Y\u0131l Konseri i\u00e7in sab\u0131r(s\u0131zl\u0131k)la <a href=\"https:\/\/www.youtube.com\/watch?v=2Kq2fV1kH-s&amp;t=32s\">Viyana Filarmoni<\/a>\u2019yi beklemek ve tek bir vuru\u015fu ka\u00e7\u0131rmamak i\u00e7in nefesleri tutup izlemek her zamanki gibi \u00e7ok e\u011flenceli ve heyecan vericiydi, ve tek kuru\u015f harcamadan (internet sa\u011flay\u0131c\u0131s\u0131 hari\u00e7). Ancak bu y\u0131l konser sonras\u0131nda \u00fczerimizde kalan hisler daha farkl\u0131yd\u0131. Program yine muhte\u015fem ve s\u00fcrprizlerle doluydu: orkestra her zamanki gibi hayranl\u0131k uyand\u0131r\u0131c\u0131yd\u0131. Bu sefer bu hayranl\u0131k podyumdaki orkestra \u015fefiyle zirveye ula\u015ft\u0131, hala oradan inemiyoruz \ud83d\ude42 Maestro <a href=\"https:\/\/www.youtube.com\/shorts\/zsGaIBMlE7g\">Yannick N\u00e9zet-S\u00e9guin.<\/a> <a href=\"https:\/\/www.youtube.com\/shorts\/QkxN7G9_Wqw\">Yannick <\/a>al\u0131\u015f\u0131lm\u0131\u015f\u0131n d\u0131\u015f\u0131nda bir \u015fef. Burada bahsetmek istedi\u011fim ayn\u0131 anda tam d\u00f6rt b\u00fcy\u00fck orkestray\u0131 y\u00f6netmesinden ziyade (Montr\u00e9al orkestras\u0131, Met Opera, Philadelphia Senfoni ve Rotterdam Filarmoni!), arka plandaki temel \u00f6zellikleri. \u0130lk orkestra \u015fefli\u011fini ilkokuldayken yapt\u0131\u011f\u0131n\u0131 ve sadece 25 ya\u015f\u0131ndayken Montreal Metropolitan Orkestras\u0131&#8217;n\u0131n \u015fef olarak kendisine emanet edilmi\u015f oldu\u011funu d\u00fc\u015f\u00fcn\u00fcrsek, pianistlik, m\u00fczisyenlik, ressaml\u0131k, ve matematik\u00e7ilik gibi, orkestra \u015fefli\u011finin de do\u011fu\u015ftan gelebildi\u011finin canl\u0131 ispat\u0131 kendisi! Bitmek bilmeyen enerjisiyle sahnede sadece m\u00fczi\u011fi de\u011fil, tak\u0131lar\u0131yla ve ojeli elleriyle kendini de ortaya koyuyor. Enerjisinin kayna\u011f\u0131 ise bilgisi, becerisi, ve en \u00f6nemlisi insanlara g\u00fczellik sunma a\u015fk\u0131. Her enerjik insan\u0131n enerjisinin kayna\u011f\u0131 da bu de\u011fil mi zaten?? \ud83d\ude42 \u0130\u015fte bu y\u0131lki <a href=\"https:\/\/www.youtube.com\/shorts\/ghCImimtKuo\">Yannick&#8217;li Viyana Filarmoni Yeni Y\u0131l Konseri<\/a> sonras\u0131 bu enerji bize de ge\u00e7ti, saf varl\u0131\u011f\u0131n do\u011fas\u0131ndaki enerjinin ete kemi\u011fe b\u00fcr\u00fcnm\u00fc\u015f hali olarak g\u00fcnlerimize ilham verdi.<\/p>\n\n\n\n<p>Yannick, ba\u015far\u0131s\u0131n\u0131n s\u0131rr\u0131n\u0131 anlat\u0131rken provalarda her bir m\u00fczisyeni ve  orkestray\u0131, sadece \u00e7alan bir m\u00fczisyen ya da salt \u00e7alan bir orkestra olarak de\u011fil, <strong>her birisini ayr\u0131 ayr\u0131 duygular\u0131 ve d\u00fc\u015f\u00fcnceleriyle birlikte birer varl\u0131k olarak alg\u0131lad\u0131\u011f\u0131n\u0131 s\u00f6yledi. <\/strong>Ba\u015fka bir deyi\u015fle orkestras\u0131yla birlikte ortaya g\u00fczel bir eser koyup insanlarla bu g\u00fczelli\u011fi payla\u015fman\u0131n temelinde orkestras\u0131ndaki her m\u00fczisyenle duygu ve d\u00fc\u015f\u00fcnce katman\u0131nda ileti\u015fim halinde olmas\u0131 var.  <\/p>\n\n\n\n<p class=\"has-medium-gray-background-color has-background\">Bu da bana bah\u00e7emdeki zeytin a\u011fa\u00e7lar\u0131yla, zeytinlikteki bitkilerle olan ileti\u015fimimi hat\u0131rlatt\u0131. Asl\u0131nda bah\u00e7ecilik de bir nevi orkestra \u015fefli\u011fi yapmak. Hepsini birlikte y\u00f6netip ortaya insanlarla payla\u015faca\u011f\u0131m\u0131z g\u00fczellikler \u00e7\u0131karmak. Buradaki ince \u00e7izgi ise y\u00f6netmekten, birlikte varolmaya ge\u00e7i\u015fin hatt\u0131. Birlikte varolman\u0131n yolu ise Maestromuz Yannick&#8217;in orkestrada yapt\u0131\u011f\u0131n\u0131 bah\u00e7ede yapmak: bah\u00e7edeki her bir a\u011fa\u00e7, bitki, \u00e7al\u0131,  ve kaya par\u00e7as\u0131 ile onlar\u0131 kendi  i\u00e7 d\u00fcnyalar\u0131nda alg\u0131layacak bir katmanda ileti\u015fime girmek. Asl\u0131nda biz duyusal varl\u0131klar zaten bu yetene\u011fe sahibiz. O y\u00fczden bu noktada yap\u0131lacak sadece 2 \u015fey var: <strong>1. <\/strong>Bu yetene\u011fimizi farketmek, <strong>2.<\/strong> Bu fark\u0131ndal\u0131kla bilimi birle\u015ftirmek.<\/p>\n\n\n\n<p>Bu iki madde de bizi permak\u00fclt\u00fcre g\u00f6t\u00fcr\u00fcyor. Permak\u00fclt\u00fcr ise ba\u015fka bir blog konusu. <\/p>\n\n\n\n<p>Bir dahaki sefere, y\u00f6netece\u011fimiz orkestra, bah\u00e7e, duygular\u0131m\u0131z, hayat\u0131m\u0131zdaki maddi ve manevi problemler, ne olursa olsun, \u00f6ncelikle <a href=\"https:\/\/www.youtube.com\/shorts\/lGgnIVH9rsM\">Yannick<\/a>&#8216;in pozitif ve yap\u0131c\u0131 enerjisini i\u00e7imizde bularak i\u015fe ba\u015flayabiliriz. Bu blog yaz\u0131s\u0131, buna bir davet.<\/p>\n\n\n\n<p><\/p>\n\n\n\n<figure class=\"wp-block-image\"><img loading=\"lazy\" decoding=\"async\" width=\"1064\" height=\"1600\" src=\"https:\/\/mimaszeytinyagi.com\/wp-content\/uploads\/2026\/01\/IMG_0450.jpg\" alt=\"\" class=\"wp-image-453\" srcset=\"https:\/\/mimaszeytinyagi.com\/wp-content\/uploads\/2026\/01\/IMG_0450.jpg 1064w, https:\/\/mimaszeytinyagi.com\/wp-content\/uploads\/2026\/01\/IMG_0450-200x300.jpg 200w, https:\/\/mimaszeytinyagi.com\/wp-content\/uploads\/2026\/01\/IMG_0450-681x1024.jpg 681w, https:\/\/mimaszeytinyagi.com\/wp-content\/uploads\/2026\/01\/IMG_0450-768x1155.jpg 768w, https:\/\/mimaszeytinyagi.com\/wp-content\/uploads\/2026\/01\/IMG_0450-1021x1536.jpg 1021w, https:\/\/mimaszeytinyagi.com\/wp-content\/uploads\/2026\/01\/IMG_0450-8x12.jpg 8w, https:\/\/mimaszeytinyagi.com\/wp-content\/uploads\/2026\/01\/IMG_0450-624x938.jpg 624w\" sizes=\"auto, (max-width: 1064px) 100vw, 1064px\" \/><\/figure>","protected":false},"excerpt":{"rendered":"<p>Bu sene de yeni Y\u0131l Konseri i\u00e7in sab\u0131r(s\u0131zl\u0131k)la Viyana Filarmoni\u2019yi beklemek ve tek bir vuru\u015fu ka\u00e7\u0131rmamak i\u00e7in nefesleri tutup izlemek her zamanki gibi \u00e7ok e\u011flenceli ve heyecan vericiydi, ve tek kuru\u015f harcamadan (internet sa\u011flay\u0131c\u0131s\u0131 hari\u00e7). Ancak bu y\u0131l konser sonras\u0131nda \u00fczerimizde kalan hisler daha farkl\u0131yd\u0131. Program yine muhte\u015fem ve s\u00fcrprizlerle doluydu: orkestra her zamanki gibi [&hellip;]<\/p>","protected":false},"author":2,"featured_media":0,"parent":0,"menu_order":0,"comment_status":"closed","ping_status":"closed","template":"page-templates\/front-page.php","meta":{"footnotes":""},"class_list":["post-406","page","type-page","status-publish","hentry"],"yoast_head":"<!-- This site is optimized with the Yoast SEO plugin v18.4.1 - https:\/\/yoast.com\/wordpress\/plugins\/seo\/ -->\n<title>Zeytinlik ve Orkestra - Mimas Melanj Butik Bah\u00e7e<\/title>\n<meta name=\"robots\" content=\"index, follow, max-snippet:-1, max-image-preview:large, max-video-preview:-1\" \/>\n<link rel=\"canonical\" href=\"https:\/\/mimaszeytinyagi.com\/en\/zeytinlik-ve-orkestra\/\" \/>\n<meta property=\"og:locale\" content=\"en_US\" \/>\n<meta property=\"og:type\" content=\"article\" \/>\n<meta property=\"og:title\" content=\"Zeytinlik ve Orkestra - Mimas Melanj Butik Bah\u00e7e\" \/>\n<meta property=\"og:description\" content=\"Bu sene de yeni Y\u0131l Konseri i\u00e7in sab\u0131r(s\u0131zl\u0131k)la Viyana Filarmoni\u2019yi beklemek ve tek bir vuru\u015fu ka\u00e7\u0131rmamak i\u00e7in nefesleri tutup izlemek her zamanki gibi \u00e7ok e\u011flenceli ve heyecan vericiydi, ve tek kuru\u015f harcamadan (internet sa\u011flay\u0131c\u0131s\u0131 hari\u00e7). Ancak bu y\u0131l konser sonras\u0131nda \u00fczerimizde kalan hisler daha farkl\u0131yd\u0131. Program yine muhte\u015fem ve s\u00fcrprizlerle doluydu: orkestra her zamanki gibi [&hellip;]\" \/>\n<meta property=\"og:url\" content=\"https:\/\/mimaszeytinyagi.com\/en\/zeytinlik-ve-orkestra\/\" \/>\n<meta property=\"og:site_name\" content=\"Mimas Melanj Butik Bah\u00e7e\" \/>\n<meta property=\"article:modified_time\" content=\"2026-01-22T17:41:37+00:00\" \/>\n<meta property=\"og:image\" content=\"https:\/\/mimaszeytinyagi.com\/wp-content\/uploads\/2026\/01\/IMG_0450.jpg\" \/>\n<meta name=\"twitter:card\" content=\"summary_large_image\" \/>\n<meta name=\"twitter:label1\" content=\"Est. reading time\" \/>\n\t<meta name=\"twitter:data1\" content=\"3 minutes\" \/>\n<script type=\"application\/ld+json\" class=\"yoast-schema-graph\">{\"@context\":\"https:\/\/schema.org\",\"@graph\":[{\"@type\":\"WebSite\",\"@id\":\"https:\/\/mimaszeytinyagi.com\/#website\",\"url\":\"https:\/\/mimaszeytinyagi.com\/\",\"name\":\"Mimas Melanj Butik Bah\u00e7e\",\"description\":\"Butik Zeytinya\u011f\u0131\",\"potentialAction\":[{\"@type\":\"SearchAction\",\"target\":{\"@type\":\"EntryPoint\",\"urlTemplate\":\"https:\/\/mimaszeytinyagi.com\/?s={search_term_string}\"},\"query-input\":\"required name=search_term_string\"}],\"inLanguage\":\"en-US\"},{\"@type\":\"ImageObject\",\"@id\":\"https:\/\/mimaszeytinyagi.com\/zeytinlik-ve-orkestra\/#primaryimage\",\"inLanguage\":\"en-US\",\"url\":\"https:\/\/mimaszeytinyagi.com\/wp-content\/uploads\/2026\/01\/IMG_0450.jpg\",\"contentUrl\":\"https:\/\/mimaszeytinyagi.com\/wp-content\/uploads\/2026\/01\/IMG_0450.jpg\"},{\"@type\":\"WebPage\",\"@id\":\"https:\/\/mimaszeytinyagi.com\/zeytinlik-ve-orkestra\/#webpage\",\"url\":\"https:\/\/mimaszeytinyagi.com\/zeytinlik-ve-orkestra\/\",\"name\":\"Zeytinlik ve Orkestra - Mimas Melanj Butik Bah\u00e7e\",\"isPartOf\":{\"@id\":\"https:\/\/mimaszeytinyagi.com\/#website\"},\"primaryImageOfPage\":{\"@id\":\"https:\/\/mimaszeytinyagi.com\/zeytinlik-ve-orkestra\/#primaryimage\"},\"datePublished\":\"2026-01-20T17:28:26+00:00\",\"dateModified\":\"2026-01-22T17:41:37+00:00\",\"breadcrumb\":{\"@id\":\"https:\/\/mimaszeytinyagi.com\/zeytinlik-ve-orkestra\/#breadcrumb\"},\"inLanguage\":\"en-US\",\"potentialAction\":[{\"@type\":\"ReadAction\",\"target\":[\"https:\/\/mimaszeytinyagi.com\/zeytinlik-ve-orkestra\/\"]}]},{\"@type\":\"BreadcrumbList\",\"@id\":\"https:\/\/mimaszeytinyagi.com\/zeytinlik-ve-orkestra\/#breadcrumb\",\"itemListElement\":[{\"@type\":\"ListItem\",\"position\":1,\"name\":\"Home\",\"item\":\"https:\/\/mimaszeytinyagi.com\/\"},{\"@type\":\"ListItem\",\"position\":2,\"name\":\"Zeytinlik ve Orkestra\"}]}]}<\/script>\n<!-- \/ Yoast SEO plugin. -->","yoast_head_json":{"title":"Zeytinlik ve Orkestra - Mimas Melanj Butik Bah\u00e7e","robots":{"index":"index","follow":"follow","max-snippet":"max-snippet:-1","max-image-preview":"max-image-preview:large","max-video-preview":"max-video-preview:-1"},"canonical":"https:\/\/mimaszeytinyagi.com\/en\/zeytinlik-ve-orkestra\/","og_locale":"en_US","og_type":"article","og_title":"Zeytinlik ve Orkestra - Mimas Melanj Butik Bah\u00e7e","og_description":"Bu sene de yeni Y\u0131l Konseri i\u00e7in sab\u0131r(s\u0131zl\u0131k)la Viyana Filarmoni\u2019yi beklemek ve tek bir vuru\u015fu ka\u00e7\u0131rmamak i\u00e7in nefesleri tutup izlemek her zamanki gibi \u00e7ok e\u011flenceli ve heyecan vericiydi, ve tek kuru\u015f harcamadan (internet sa\u011flay\u0131c\u0131s\u0131 hari\u00e7). Ancak bu y\u0131l konser sonras\u0131nda \u00fczerimizde kalan hisler daha farkl\u0131yd\u0131. Program yine muhte\u015fem ve s\u00fcrprizlerle doluydu: orkestra her zamanki gibi [&hellip;]","og_url":"https:\/\/mimaszeytinyagi.com\/en\/zeytinlik-ve-orkestra\/","og_site_name":"Mimas Melanj Butik Bah\u00e7e","article_modified_time":"2026-01-22T17:41:37+00:00","og_image":[{"url":"https:\/\/mimaszeytinyagi.com\/wp-content\/uploads\/2026\/01\/IMG_0450.jpg"}],"twitter_card":"summary_large_image","twitter_misc":{"Est. reading time":"3 minutes"},"schema":{"@context":"https:\/\/schema.org","@graph":[{"@type":"WebSite","@id":"https:\/\/mimaszeytinyagi.com\/#website","url":"https:\/\/mimaszeytinyagi.com\/","name":"Mimas Melanj Butik Bah\u00e7e","description":"Butik Zeytinya\u011f\u0131","potentialAction":[{"@type":"SearchAction","target":{"@type":"EntryPoint","urlTemplate":"https:\/\/mimaszeytinyagi.com\/?s={search_term_string}"},"query-input":"required name=search_term_string"}],"inLanguage":"en-US"},{"@type":"ImageObject","@id":"https:\/\/mimaszeytinyagi.com\/zeytinlik-ve-orkestra\/#primaryimage","inLanguage":"en-US","url":"https:\/\/mimaszeytinyagi.com\/wp-content\/uploads\/2026\/01\/IMG_0450.jpg","contentUrl":"https:\/\/mimaszeytinyagi.com\/wp-content\/uploads\/2026\/01\/IMG_0450.jpg"},{"@type":"WebPage","@id":"https:\/\/mimaszeytinyagi.com\/zeytinlik-ve-orkestra\/#webpage","url":"https:\/\/mimaszeytinyagi.com\/zeytinlik-ve-orkestra\/","name":"Zeytinlik ve Orkestra - Mimas Melanj Butik Bah\u00e7e","isPartOf":{"@id":"https:\/\/mimaszeytinyagi.com\/#website"},"primaryImageOfPage":{"@id":"https:\/\/mimaszeytinyagi.com\/zeytinlik-ve-orkestra\/#primaryimage"},"datePublished":"2026-01-20T17:28:26+00:00","dateModified":"2026-01-22T17:41:37+00:00","breadcrumb":{"@id":"https:\/\/mimaszeytinyagi.com\/zeytinlik-ve-orkestra\/#breadcrumb"},"inLanguage":"en-US","potentialAction":[{"@type":"ReadAction","target":["https:\/\/mimaszeytinyagi.com\/zeytinlik-ve-orkestra\/"]}]},{"@type":"BreadcrumbList","@id":"https:\/\/mimaszeytinyagi.com\/zeytinlik-ve-orkestra\/#breadcrumb","itemListElement":[{"@type":"ListItem","position":1,"name":"Home","item":"https:\/\/mimaszeytinyagi.com\/"},{"@type":"ListItem","position":2,"name":"Zeytinlik ve Orkestra"}]}]}},"_links":{"self":[{"href":"https:\/\/mimaszeytinyagi.com\/en\/wp-json\/wp\/v2\/pages\/406","targetHints":{"allow":["GET"]}}],"collection":[{"href":"https:\/\/mimaszeytinyagi.com\/en\/wp-json\/wp\/v2\/pages"}],"about":[{"href":"https:\/\/mimaszeytinyagi.com\/en\/wp-json\/wp\/v2\/types\/page"}],"author":[{"embeddable":true,"href":"https:\/\/mimaszeytinyagi.com\/en\/wp-json\/wp\/v2\/users\/2"}],"replies":[{"embeddable":true,"href":"https:\/\/mimaszeytinyagi.com\/en\/wp-json\/wp\/v2\/comments?post=406"}],"version-history":[{"count":32,"href":"https:\/\/mimaszeytinyagi.com\/en\/wp-json\/wp\/v2\/pages\/406\/revisions"}],"predecessor-version":[{"id":454,"href":"https:\/\/mimaszeytinyagi.com\/en\/wp-json\/wp\/v2\/pages\/406\/revisions\/454"}],"wp:attachment":[{"href":"https:\/\/mimaszeytinyagi.com\/en\/wp-json\/wp\/v2\/media?parent=406"}],"curies":[{"name":"wp","href":"https:\/\/api.w.org\/{rel}","templated":true}]}}