{"version":"1.0","provider_name":"Mimas Melanj Boutique Garden","provider_url":"https:\/\/mimaszeytinyagi.com\/en","author_name":"Mimas Melanj","author_url":"https:\/\/mimaszeytinyagi.com\/en\/author\/mimas-melanj\/","title":"Zeytin A\u011fac\u0131 Budamas\u0131 ve Permak\u00fclt\u00fcr - Mimas Melanj Butik Bah\u00e7e","type":"rich","width":600,"height":338,"html":"<blockquote class=\"wp-embedded-content\" data-secret=\"mT2I25ZDlo\"><a href=\"https:\/\/mimaszeytinyagi.com\/en\/zeytin-agaci-budamasi-ve-permakultur\/\">Zeytin A\u011fac\u0131 Budamas\u0131 ve Permak\u00fclt\u00fcr<\/a><\/blockquote><iframe sandbox=\"allow-scripts\" security=\"restricted\" src=\"https:\/\/mimaszeytinyagi.com\/en\/zeytin-agaci-budamasi-ve-permakultur\/embed\/#?secret=mT2I25ZDlo\" width=\"600\" height=\"338\" title=\"&#8220;Zeytin A\u011fac\u0131 Budamas\u0131 ve Permak\u00fclt\u00fcr&#8221; &#8212; Mimas Melanj Butik Bah\u00e7e\" data-secret=\"mT2I25ZDlo\" frameborder=\"0\" marginwidth=\"0\" marginheight=\"0\" scrolling=\"no\" class=\"wp-embedded-content\"><\/iframe><script type=\"text\/javascript\">\n\/* <![CDATA[ *\/\n\/*! This file is auto-generated *\/\n!function(d,l){\"use strict\";l.querySelector&&d.addEventListener&&\"undefined\"!=typeof URL&&(d.wp=d.wp||{},d.wp.receiveEmbedMessage||(d.wp.receiveEmbedMessage=function(e){var t=e.data;if((t||t.secret||t.message||t.value)&&!\/[^a-zA-Z0-9]\/.test(t.secret)){for(var s,r,n,a=l.querySelectorAll('iframe[data-secret=\"'+t.secret+'\"]'),o=l.querySelectorAll('blockquote[data-secret=\"'+t.secret+'\"]'),c=new RegExp(\"^https?:$\",\"i\"),i=0;i<o.length;i++)o[i].style.display=\"none\";for(i=0;i<a.length;i++)s=a[i],e.source===s.contentWindow&&(s.removeAttribute(\"style\"),\"height\"===t.message?(1e3<(r=parseInt(t.value,10))?r=1e3:~~r<200&&(r=200),s.height=r):\"link\"===t.message&&(r=new URL(s.getAttribute(\"src\")),n=new URL(t.value),c.test(n.protocol))&&n.host===r.host&&l.activeElement===s&&(d.top.location.href=t.value))}},d.addEventListener(\"message\",d.wp.receiveEmbedMessage,!1),l.addEventListener(\"DOMContentLoaded\",function(){for(var e,t,s=l.querySelectorAll(\"iframe.wp-embedded-content\"),r=0;r<s.length;r++)(t=(e=s[r]).getAttribute(\"data-secret\"))||(t=Math.random().toString(36).substring(2,12),e.src+=\"#?secret=\"+t,e.setAttribute(\"data-secret\",t)),e.contentWindow.postMessage({message:\"ready\",secret:t},\"*\")},!1)))}(window,document);\n\/\/# sourceURL=https:\/\/mimaszeytinyagi.com\/wp-includes\/js\/wp-embed.min.js\n\/* ]]> *\/\n<\/script>","description":"Zeytin a\u011fa\u00e7lar\u0131n\u0131n budanmas\u0131 ile ilgili pek \u00e7ok kaynak var. Hepsinin temel noktas\u0131 ayn\u0131: zeytin a\u011fa\u00e7lar\u0131 budanmay\u0131 sever ve ister. Kalabal\u0131k bir dal grubundan \u00e7\u0131kar\u0131lmas\u0131 gerekti\u011fini belli eden dal\u0131 g\u00f6r\u00fcp \u00e7\u0131kard\u0131\u011f\u0131n\u0131zda y\u00fcklerinden ar\u0131nm\u0131\u015f bir his sizde de uyand\u0131ysa, do\u011fru bir i\u015f yapm\u0131\u015fs\u0131n\u0131z demektir \ud83d\ude42 Bug\u00fcn budama konusunu ba\u015fka bir g\u00fcne b\u0131rakarak budama art\u0131klar\u0131n\u0131 ne yapt\u0131\u011f\u0131m\u0131za odaklan\u0131yoruz. [&hellip;]","thumbnail_url":"http:\/\/mimaszeytinyagi.com\/wp-content\/uploads\/2026\/02\/20260212_125146-scaled.jpg"}